{"id":7374,"date":"2017-11-09T10:55:42","date_gmt":"2017-11-09T09:55:42","guid":{"rendered":"http:\/\/www.institutetmotmutor.se\/?post_type=tribe_events&#038;p=7374\/"},"modified":"2017-11-09T10:55:42","modified_gmt":"2017-11-09T09:55:42","slug":"natali-phalen-talar-pa-kvalitetsmassan-2017","status":"publish","type":"tribe_events","link":"https:\/\/www.institutetmotmutor.se\/en\/event\/natali-phalen-talar-pa-kvalitetsmassan-2017\/","title":{"rendered":"Natali Phal\u00e9n talar p\u00e5 Kvalitetsm\u00e4ssan 2017"},"content":{"rendered":"<div id=\"svid10_409b7ad7144f9a5c5ae34ddc\" class=\"sv-vertical sv-layout sv-skip-spacer\">\n<div id=\"svid94_21b4e0115bf09bdc028bdf6\" class=\"pagecontent sv-layout\">\n<div id=\"svid12_21b4e0115bf09bdc028bdf8\" class=\"sv-text-portlet sv-use-margins\">\n<div class=\"sv-text-portlet-content\">\n<p class=\"preamble\">Kvalitetsm\u00e4ssan \u00e4r Europas ledande konferens och fackm\u00e4ssa om verksamhets- och samh\u00e4llsutveckling. Den arrangerades p\u00e5 Svenska M\u00e4ssan i G\u00f6teborg. Kvalitetsm\u00e4ssan \u00e4r en stor m\u00f6tesplats f\u00f6r alla som str\u00e4var efter en b\u00e4ttre offentlig service och ett b\u00e4ttre samh\u00e4lle.<\/p>\n<\/div>\n<p>I ljuset av h\u00e4ndelser av misst\u00e4nkt korruption och ol\u00e4mpligt beteende inom flera myndigheter diskuteras fr\u00e5gan om \u00e4mbetsmanna- och politikerrollen. Var g\u00e5r gr\u00e4nsen mellan personligt, privat och offentligt? Och \u00e4r det som \u00e4r lagligt alltid l\u00e4mpligt? Hur st\u00e5r det till med den moraliska kompassen bland f\u00f6retr\u00e4darna f\u00f6r det offentliga Sverige 2017? Det \u00e4r n\u00e5gra av de fr\u00e5gor som IMM:s generalsekreterare Natali Phal\u00e9n kommer att ta upp under sitt pass.<\/p>\n<\/div>\n<\/div>\n<\/div>\n<div id=\"svid12_59311cdd145ac7ef71c1e0af\" class=\"sv-script-portlet sv-portlet lp-show-on-print c43\">\n<h2 id=\"Metadata\"><a href=\"http:\/\/kvalitetsmassan.se\/konferensen\/\" target=\"_blank\" rel=\"noopener\">\u00a0&gt;&gt; L\u00e4s mer om konferensen h\u00e4r<\/a><\/h2>\n<\/div>\n","protected":false},"excerpt":{"rendered":"Kvalitetsm\u00e4ssan \u00e4r Europas ledande konferens och fackm\u00e4ssa om verksamhets- och samh\u00e4llsutveckling. Den arrangerades p\u00e5 Svenska M\u00e4ssan i G\u00f6teborg. Kvalitetsm\u00e4ssan \u00e4r en stor m\u00f6tesplats f\u00f6r alla som str\u00e4var efter en b\u00e4ttre&#8230; <a class=\"view-article\" href=\"https:\/\/www.institutetmotmutor.se\/en\/event\/natali-phalen-talar-pa-kvalitetsmassan-2017\/\">View Article<\/a>","protected":false},"author":5,"featured_media":0,"comment_status":"closed","ping_status":"closed","template":"","meta":{"_tribe_events_status":"","_tribe_events_status_reason":"","footnotes":""},"tags":[],"tribe_events_cat":[],"class_list":["post-7374","tribe_events","type-tribe_events","status-publish","hentry"],"_links":{"self":[{"href":"https:\/\/www.institutetmotmutor.se\/en\/wp-json\/wp\/v2\/tribe_events\/7374\/"}],"collection":[{"href":"https:\/\/www.institutetmotmutor.se\/en\/wp-json\/wp\/v2\/tribe_events\/"}],"about":[{"href":"https:\/\/www.institutetmotmutor.se\/en\/wp-json\/wp\/v2\/types\/tribe_events\/"}],"author":[{"embeddable":true,"href":"https:\/\/www.institutetmotmutor.se\/en\/wp-json\/wp\/v2\/users\/5\/"}],"replies":[{"embeddable":true,"href":"https:\/\/www.institutetmotmutor.se\/en\/wp-json\/wp\/v2\/comments\/?post=7374"}],"version-history":[{"count":0,"href":"https:\/\/www.institutetmotmutor.se\/en\/wp-json\/wp\/v2\/tribe_events\/7374\/revisions\/"}],"wp:attachment":[{"href":"https:\/\/www.institutetmotmutor.se\/en\/wp-json\/wp\/v2\/media\/?parent=7374"}],"wp:term":[{"taxonomy":"post_tag","embeddable":true,"href":"https:\/\/www.institutetmotmutor.se\/en\/wp-json\/wp\/v2\/tags\/?post=7374"},{"taxonomy":"tribe_events_cat","embeddable":true,"href":"https:\/\/www.institutetmotmutor.se\/en\/wp-json\/wp\/v2\/tribe_events_cat\/?post=7374"}],"curies":[{"name":"wp","href":"https:\/\/api.w.org\/{rel}","templated":true}]}}